{"id":8,"date":"2021-03-11T12:07:36","date_gmt":"2021-03-11T11:07:36","guid":{"rendered":"https:\/\/meinepraxis.seam-release.at\/?page_id=8"},"modified":"2026-01-13T13:11:09","modified_gmt":"2026-01-13T12:11:09","slug":"start","status":"publish","type":"page","link":"https:\/\/www.meinepraxis.at\/de\/","title":{"rendered":"ich h\u00f6re zu und suche L\u00f6sungen"},"content":{"rendered":"\n<p>Ich h\u00f6re zu, untersuche und mache mir ein Bild von den Menschen f\u00fcr die ich arbeiten soll. Dann \u00fcberlege ich mir die bestm\u00f6gliche L\u00f6sung f\u00fcr ihr Problem. F\u00e4llt mir etwas Gutes ein, legen wir los.<\/p>\n\n\n\n<p><strong>Mein Name ist Rene Kr\u00e4nzl-Wiesenthal und ich arbeite seit etwa 25 Jahren als selbst\u00e4ndiger Therapeut.<\/strong><\/p>\n\n\n\n<p>Ich arbeite seit Jahren erfolgreich an Problemen wie Kopfschmerzen, Nackenproblem, R\u00fcckenschmerzen, Brustkorbenge, Burnout, Bauchschmerzen und Problemen mit Arm- und Beingelenken. In den letzten Jahren besonders gerne im Grenzbereich zwischen Psyche und K\u00f6rper.<\/p>\n\n\n\n<div class=\"wp-block-buttons is-horizontal is-content-justification-center is-layout-flex wp-container-core-buttons-is-layout-499968f5 wp-block-buttons-is-layout-flex\">\n<div class=\"wp-block-button\"><a class=\"wp-block-button__link wp-element-button\" href=\"https:\/\/www.meinepraxis.at\/de\/meine-arbeit\/\">\u00dcber meine Arbeit<\/a><\/div>\n\n\n\n<div class=\"wp-block-button\"><a class=\"wp-block-button__link wp-element-button\" href=\"https:\/\/www.meinepraxis.at\/de\/ueber-mich\/\">\u00dcber mich<\/a><\/div>\n<\/div>\n\n\n\n<h3 class=\"wp-block-heading has-text-align-center\">Kr\u00e4nzl-Wiesenthal&#8217;s Praxis f\u00fcr Gesundheit<\/h3>\n\n\n\n<blockquote class=\"wp-block-quote is-layout-flow wp-block-quote-is-layout-flow\">\n<p>Die Wirkung seiner Arbeit ist so vielschichtig und tiefgr\u00fcndig, dass sie kaum in Worte zu fassen ist, &#8211; man muss es selbst erleben.<\/p>\n<cite>Ines L.<\/cite><\/blockquote>\n\n\n\n<p><\/p>\n","protected":false},"excerpt":{"rendered":"<p>Ich h\u00f6re zu, untersuche und mache mir ein Bild von den Menschen f\u00fcr die ich arbeiten soll. Dann \u00fcberlege ich mir die bestm\u00f6gliche L\u00f6sung f\u00fcr ihr Problem. F\u00e4llt mir etwas Gutes ein, legen wir los. Mein Name ist Rene Kr\u00e4nzl-Wiesenthal und ich arbeite seit etwa 25 Jahren als selbst\u00e4ndiger Therapeut. [&hellip;]<\/p>\n","protected":false},"author":2,"featured_media":0,"parent":0,"menu_order":1,"comment_status":"closed","ping_status":"closed","template":"","meta":{"_acf_changed":false,"footnotes":""},"class_list":["post-8","page","type-page","status-publish","hentry"],"acf":[],"_links":{"self":[{"href":"https:\/\/www.meinepraxis.at\/de\/wp-json\/wp\/v2\/pages\/8","targetHints":{"allow":["GET"]}}],"collection":[{"href":"https:\/\/www.meinepraxis.at\/de\/wp-json\/wp\/v2\/pages"}],"about":[{"href":"https:\/\/www.meinepraxis.at\/de\/wp-json\/wp\/v2\/types\/page"}],"author":[{"embeddable":true,"href":"https:\/\/www.meinepraxis.at\/de\/wp-json\/wp\/v2\/users\/2"}],"replies":[{"embeddable":true,"href":"https:\/\/www.meinepraxis.at\/de\/wp-json\/wp\/v2\/comments?post=8"}],"version-history":[{"count":144,"href":"https:\/\/www.meinepraxis.at\/de\/wp-json\/wp\/v2\/pages\/8\/revisions"}],"predecessor-version":[{"id":1522,"href":"https:\/\/www.meinepraxis.at\/de\/wp-json\/wp\/v2\/pages\/8\/revisions\/1522"}],"wp:attachment":[{"href":"https:\/\/www.meinepraxis.at\/de\/wp-json\/wp\/v2\/media?parent=8"}],"curies":[{"name":"wp","href":"https:\/\/api.w.org\/{rel}","templated":true}]}}